{"id":1850,"date":"2021-04-26T08:26:04","date_gmt":"2021-04-26T08:26:04","guid":{"rendered":"https:\/\/coopevilaboa.com\/coopevilaboa.com\/?page_id=1850"},"modified":"2022-02-07T07:51:22","modified_gmt":"2022-02-07T07:51:22","slug":"quen-somos","status":"publish","type":"page","link":"https:\/\/coopevilaboa.com\/es\/quen-somos\/","title":{"rendered":"Quien somos"},"content":{"rendered":"\t\t<div data-elementor-type=\"wp-page\" data-elementor-id=\"1850\" class=\"elementor elementor-1850\" data-elementor-settings=\"[]\">\n\t\t\t\t\t\t\t<div class=\"elementor-section-wrap\">\n\t\t\t\t\t\t\t<section class=\"elementor-section elementor-top-section elementor-element elementor-element-926d74f elementor-section-boxed elementor-section-height-default elementor-section-height-default\" data-id=\"926d74f\" data-element_type=\"section\">\n\t\t\t\t\t\t<div class=\"elementor-container elementor-column-gap-default\">\n\t\t\t\t\t<div class=\"elementor-column elementor-col-100 elementor-top-column elementor-element elementor-element-12a940d\" data-id=\"12a940d\" data-element_type=\"column\">\n\t\t\t<div class=\"elementor-widget-wrap\">\n\t\t\t\t\t\t\t\t\t<\/div>\n\t\t<\/div>\n\t\t\t\t\t\t\t<\/div>\n\t\t<\/section>\n\t\t\t\t<section class=\"elementor-section elementor-top-section elementor-element elementor-element-952cf8d elementor-section-boxed elementor-section-height-default elementor-section-height-default\" data-id=\"952cf8d\" data-element_type=\"section\" data-settings=\"{&quot;background_background&quot;:&quot;classic&quot;}\">\n\t\t\t\t\t\t<div class=\"elementor-container elementor-column-gap-default\">\n\t\t\t\t\t<div class=\"elementor-column elementor-col-100 elementor-top-column elementor-element elementor-element-3af1651\" data-id=\"3af1651\" data-element_type=\"column\">\n\t\t\t<div class=\"elementor-widget-wrap elementor-element-populated\">\n\t\t\t\t\t\t\t\t<div class=\"elementor-element elementor-element-298d16e elementor-widget elementor-widget-heading\" data-id=\"298d16e\" data-element_type=\"widget\" data-widget_type=\"heading.default\">\n\t\t\t\t<div class=\"elementor-widget-container\">\n\t\t\t<h2 class=\"elementor-heading-title elementor-size-default\">Orixe da Cooperativa<\/h2>\t\t<\/div>\n\t\t\t\t<\/div>\n\t\t\t\t<div class=\"elementor-element elementor-element-2df2ab0 elementor-widget elementor-widget-text-editor\" data-id=\"2df2ab0\" data-element_type=\"widget\" data-widget_type=\"text-editor.default\">\n\t\t\t\t<div class=\"elementor-widget-container\">\n\t\t\t\t\t\t\t\t<p style=\"font-weight: 300;\"><a href=\"https:\/\/www.coopevilaboa.com\/wp-content\/uploads\/2009\/primeros_estatutos.pdf\">La Cooperativa de Productores del Campo de Vilaboa<\/a> tiene su origen en la Parroquia de San Vicente de Vilaboa, (Ayuntamiento de Valdovi\u00f1o-A Coru\u00f1a), en el a\u00f1o 1945, en el que estaba inscrita en el MINISTERIO DE TRABAJO-DIRECCI\u00d3N GENERAL DE PREVISI\u00d3N con n. 1551, para acoger a propietarios, arrendatarios y aparceros de fincas r\u00fasticas y ganaderas con el lema \u00abUNO PARA LOS DEM\u00c1S Y DIOS PARA TODOS\u00bb y se une a la Cooperativa de Consumidores de San Vicente de Vilaboa, que hab\u00eda sido registrada en 1968, para acoger todos los miembros a la parroquia de Vilaboa. En 1988 fue refundada e <a href=\"http:\/\/coopevilaboa.com\/coopevilaboa.com\/wp-content\/uploads\/2021\/06\/inscripcion.pdf\">inscrita<\/a> por la Xunta de Galicia con el n\u00fam. 56-SCT con la denominaci\u00f3n Sociedad <strong>Cooperativa del Campo de San Vicente de Vilaboa de R.L.<\/strong><\/p><p style=\"font-weight: 300;\">Previamente y como antecedente de lo que surgi\u00f3 a posteriori la Cooperativa existi\u00f3 la UNI\u00d3N AGR\u00cdCOLA CAT\u00d3LICA DE LA PARROQUIA DE SAN VICENTE DE VILABOA Y SOCIEDAD DE SOCORROS MUTUOS que fue la primera entidad que aglutin\u00f3 colectivamente la parroquia con el fin de lograr ciertos fines que tanto beneficiaban a los integrantes del grupo as\u00ed como el entorno en el que actuaban y como resultado de esta entidad se gener\u00f3 la conciencia de que mediante la agrupaci\u00f3n de voluntades se alcanzaban objetivos superiores surgiendo en su momento la idea de constituir la Cooperativa. Estatutos de la Uni\u00f3n Cat\u00f3lica<\/p><p style=\"font-weight: 300;\">Desde hace m\u00e1s de sesenta a\u00f1os, la Cooperativa de Vilaboa practica el cooperativismo en la parroquia de su origen, y la apertura al exterior ampl\u00eda su participaci\u00f3n en el cooperativismo regional, asoci\u00e1ndose con cooperativas de segundo grado: la Cooperativa Agraria Provincial (Leyma), la Cooperativa de Productos Agrarios (Copagro), a la Uni\u00f3n de Cooperativas de Ferrol (Ucafe), a Codeal Ferrol de Alimentaci\u00f3n, SCG. Y a la Asociaci\u00f3n Gallega de Cooperativas (Agaca). De esta forma, nuestra Cooperativa extiende su sentido asociativo al \u00e1mbito supraparroquial.<\/p><p style=\"font-weight: 300;\">La transformaci\u00f3n sociol\u00f3gica de usos, costumbres y medios que condicionan la vida en la comarca de Ferrolterra, llev\u00f3 a esta Cooperativa a contemplar en sus socios necesidades distintas a las que motivaron su fundaci\u00f3n, y sin dejar la mutualidad solidaria del cooperativismo, ni abandonar. el lema inicial de unos y otros y dios para todos aconsej\u00f3 la refundaci\u00f3n de la Cooperativa, modificando sus estatutos en acuerdo tomado en la Asamblea de junio de 2005 y registrando su escritura p\u00fablica en la hoja 056-SCT del Libro de Cooperativas del Ministerio de Trabajo, y calificada como <strong>Cooperativa de Consumidores y Usuarios, siendo su denominaci\u00f3n Cooperativa de Vilaboa de Consumidores y Usuarios-Sociedad Cooperativa<\/strong> Gallega, por resoluci\u00f3n de la Xunta de Galicia de 26 de septiembre de 2006.<\/p><p style=\"font-weight: 300;\">Los primeros documentos que se conservan hoy en los archivos de la Cooperativa datan de 1945, cuando se inscribi\u00f3 el Reglamento de la entonces denominada \u00abCooperativa Productores del Campo de Vilaboa\u00bb en el \u00abRegistro Oficial de Cooperativas del Ministerio de Trabajo\u00bb. en la \u00abUni\u00f3n Nacional de Cooperativas de Campo\u00bb<\/p>\t\t\t\t\t\t<\/div>\n\t\t\t\t<\/div>\n\t\t\t\t\t<\/div>\n\t\t<\/div>\n\t\t\t\t\t\t\t<\/div>\n\t\t<\/section>\n\t\t\t\t<section class=\"elementor-section elementor-top-section elementor-element elementor-element-833bdb0 elementor-section-boxed elementor-section-height-default elementor-section-height-default\" data-id=\"833bdb0\" data-element_type=\"section\">\n\t\t\t\t\t\t<div class=\"elementor-container elementor-column-gap-default\">\n\t\t\t\t\t\t\t\t<\/div>\n\t\t<\/section>\n\t\t\t\t<section class=\"elementor-section elementor-top-section elementor-element elementor-element-2651c2d elementor-section-boxed elementor-section-height-default elementor-section-height-default\" data-id=\"2651c2d\" data-element_type=\"section\">\n\t\t\t\t\t\t<div class=\"elementor-container elementor-column-gap-default\">\n\t\t\t\t\t<div class=\"elementor-column elementor-col-100 elementor-top-column elementor-element elementor-element-e42cf15\" data-id=\"e42cf15\" data-element_type=\"column\">\n\t\t\t<div class=\"elementor-widget-wrap elementor-element-populated\">\n\t\t\t\t\t\t\t\t<div class=\"elementor-element elementor-element-0509ea8 elementor-widget elementor-widget-heading\" data-id=\"0509ea8\" data-element_type=\"widget\" data-widget_type=\"heading.default\">\n\t\t\t\t<div class=\"elementor-widget-container\">\n\t\t\t<h2 class=\"elementor-heading-title elementor-size-default\">HISTORIAL<\/h2>\t\t<\/div>\n\t\t\t\t<\/div>\n\t\t\t\t\t<\/div>\n\t\t<\/div>\n\t\t\t\t\t\t\t<\/div>\n\t\t<\/section>\n\t\t\t\t<section class=\"elementor-section elementor-top-section elementor-element elementor-element-9670851 elementor-section-boxed elementor-section-height-default elementor-section-height-default\" data-id=\"9670851\" data-element_type=\"section\">\n\t\t\t\t\t\t<div class=\"elementor-container elementor-column-gap-default\">\n\t\t\t\t\t<div class=\"elementor-column elementor-col-100 elementor-top-column elementor-element elementor-element-75f282b\" data-id=\"75f282b\" data-element_type=\"column\">\n\t\t\t<div class=\"elementor-widget-wrap elementor-element-populated\">\n\t\t\t\t\t\t\t\t<div class=\"elementor-element elementor-element-4a03f9b elementor-widget elementor-widget-text-editor\" data-id=\"4a03f9b\" data-element_type=\"widget\" data-widget_type=\"text-editor.default\">\n\t\t\t\t<div class=\"elementor-widget-container\">\n\t\t\t\t\t\t\t\t<h3 style=\"font-weight: 400; text-align: center;\">(Datos tomados de sus libros de actas).<\/h3><p style=\"font-weight: 300;\"><span style=\"color: #000000;\"><b><strong>23\/11\/1945 \u2013<\/strong><\/b><strong>Aprobaci\u00f3n por la Direcci\u00f3n General de Previsi\u00f3n<\/strong>, de acuerdo con la Ley de Cooperaci\u00f3n de 2 de enero de 1942 y Reglamento de 11 de noviembre de 1943 de los estatutos de la <strong>Cooperativa de Productores del Campo de Vilaboa<\/strong>, y su registro con el <strong>n\u00famero 1551<\/strong> enmarcado en la Uni\u00f3n Nacional de Cooperativas de Campo. . La Cooperativa acoger\u00e1 como socios a quienes sean propietarios, arrendatarios o aparceros de fincas rurales o ganaderas. La tutela de los mismos fue encomendada a la Uni\u00f3n Territorial y la Cooperaci\u00f3n Sindical de Cooperaci\u00f3n. Su lema es: <strong>\u00abUNO PARA LOS DEM\u00c1S Y DIOS PARA TODOS\u00bb<\/strong><\/span><\/p>\t\t\t\t\t\t<\/div>\n\t\t\t\t<\/div>\n\t\t\t\t\t<\/div>\n\t\t<\/div>\n\t\t\t\t\t\t\t<\/div>\n\t\t<\/section>\n\t\t\t\t<section class=\"elementor-section elementor-top-section elementor-element elementor-element-13d3fe4 elementor-section-boxed elementor-section-height-default elementor-section-height-default\" data-id=\"13d3fe4\" data-element_type=\"section\">\n\t\t\t\t\t\t<div class=\"elementor-container elementor-column-gap-default\">\n\t\t\t\t\t<div class=\"elementor-column elementor-col-100 elementor-top-column elementor-element elementor-element-5a47b29\" data-id=\"5a47b29\" data-element_type=\"column\">\n\t\t\t<div class=\"elementor-widget-wrap elementor-element-populated\">\n\t\t\t\t\t\t\t\t<div class=\"elementor-element elementor-element-975b940 elementor-widget elementor-widget-heading\" data-id=\"975b940\" data-element_type=\"widget\" data-widget_type=\"heading.default\">\n\t\t\t\t<div class=\"elementor-widget-container\">\n\t\t\t<h3 class=\"elementor-heading-title elementor-size-default\">17\/10\/1962 \u2013Composici\u00f3n de la Junta de Gobierno:\n<\/h3>\t\t<\/div>\n\t\t\t\t<\/div>\n\t\t\t\t\t<\/div>\n\t\t<\/div>\n\t\t\t\t\t\t\t<\/div>\n\t\t<\/section>\n\t\t\t\t<section class=\"elementor-section elementor-top-section elementor-element elementor-element-0ba85c4 elementor-section-boxed elementor-section-height-default elementor-section-height-default\" data-id=\"0ba85c4\" data-element_type=\"section\">\n\t\t\t\t\t\t<div class=\"elementor-container elementor-column-gap-default\">\n\t\t\t\t\t<div class=\"elementor-column elementor-col-50 elementor-top-column elementor-element elementor-element-add5806\" data-id=\"add5806\" data-element_type=\"column\">\n\t\t\t<div class=\"elementor-widget-wrap elementor-element-populated\">\n\t\t\t\t\t\t\t\t<div class=\"elementor-element elementor-element-047f123 elementor-widget elementor-widget-text-editor\" data-id=\"047f123\" data-element_type=\"widget\" data-widget_type=\"text-editor.default\">\n\t\t\t\t<div class=\"elementor-widget-container\">\n\t\t\t\t\t\t\t\t<p style=\"font-weight: 300;\"><span style=\"color: #167120;\">Presidente <\/span>\u2013 D. Mario Casas Gra\u00f1a<\/p><p style=\"font-weight: 300;\"><span style=\"color: #167120;\">Vicepresidente<\/span> \u2013 D. Manuel Garc\u00eda Fonticoba<\/p><p style=\"font-weight: 300;\"><span style=\"color: #167120;\">Secretario<\/span> \u2013 D. Jos\u00e9 Vilela Vigo.<\/p><p style=\"font-weight: 300;\"><span style=\"color: #167120;\">Vicesecretario<\/span> \u2013 D. Benedito P\u00e9rez Su\u00e1rez.<\/p><p style=\"font-weight: 300;\"><span style=\"color: #167120;\">Tesoureiro<\/span> \u2013 D. Jes\u00fas Fern\u00e1ndez Pita.<\/p><p style=\"font-weight: 300;\"><span style=\"color: #167120;\">Vicetesorero<\/span> \u2013 D. Faustino Bouza Pita.<\/p><p style=\"font-weight: 300;\"><span style=\"color: #167120;\">Vocal<\/span> \u2013 D. Juan Coba Mouriz<\/p><p style=\"font-weight: 300;\"><span style=\"color: #167120;\">Vocal<\/span> \u2013 D. Evaristo Villad\u00f3niga Paz<\/p><p style=\"font-weight: 300;\"><span style=\"color: #167120;\">Vocal<\/span> \u2013 D. Manuel Vigo D\u00edaz<\/p><p style=\"font-weight: 300;\"><span style=\"color: #167120;\">Vocal<\/span> \u2013 D. Manuel D\u00edas Villadoniga<\/p><p style=\"font-weight: 300;\"><span style=\"color: #167120;\">Vocal<\/span> \u2013 D. Jos\u00e9 Pereira L\u00f3pez<\/p><p style=\"font-weight: 300;\"><span style=\"color: #167120;\">Vocal<\/span> \u2013 D. Jos\u00e9 Rodr\u00edguez Chao<\/p>\t\t\t\t\t\t<\/div>\n\t\t\t\t<\/div>\n\t\t\t\t\t<\/div>\n\t\t<\/div>\n\t\t\t\t<div class=\"elementor-column elementor-col-50 elementor-top-column elementor-element elementor-element-451c1bc\" data-id=\"451c1bc\" data-element_type=\"column\">\n\t\t\t<div class=\"elementor-widget-wrap elementor-element-populated\">\n\t\t\t\t\t\t\t\t<div class=\"elementor-element elementor-element-f2bc610 elementor-widget elementor-widget-text-editor\" data-id=\"f2bc610\" data-element_type=\"widget\" data-widget_type=\"text-editor.default\">\n\t\t\t\t<div class=\"elementor-widget-container\">\n\t\t\t\t\t\t\t\t<p style=\"font-weight: 300;\"><b><strong>Consello de Vixilancia:.<\/strong><\/b><\/p><p style=\"font-weight: 300;\"><span style=\"color: #167120;\">Vocal<\/span> \u2013 D. Mario Caneiro Fonticoba<\/p><p style=\"font-weight: 300;\"><span style=\"color: #167120;\">Vocal<\/span> \u2013 D. Nicasio Ameneiros Vald\u00e9s<\/p><p style=\"font-weight: 300;\"><span style=\"color: #167120;\">Vocal<\/span> \u2013 D. Andr\u00e9s Villad\u00f3niga Bouza<\/p><p style=\"font-weight: 300;\"><b><strong>Consiliario:<\/strong><\/b><\/p><p style=\"font-weight: 300;\"><span style=\"color: #167120;\">Presb.<\/span> \u2013 D. Casto Dopico Mart\u00ednez<\/p>\t\t\t\t\t\t<\/div>\n\t\t\t\t<\/div>\n\t\t\t\t<div class=\"elementor-element elementor-element-4f898da elementor-widget elementor-widget-image\" data-id=\"4f898da\" data-element_type=\"widget\" data-widget_type=\"image.default\">\n\t\t\t\t<div class=\"elementor-widget-container\">\n\t\t\t\t\t\t\t\t\t\t\t\t\t\t\t<img decoding=\"async\" width=\"251\" height=\"251\" src=\"https:\/\/coopevilaboa.com\/es\/wp-content\/uploads\/2021\/06\/trabajo-en-equipo-01-01.png\" class=\"attachment-full size-full\" alt=\"\" srcset=\"https:\/\/coopevilaboa.com\/es\/wp-content\/uploads\/2021\/06\/trabajo-en-equipo-01-01.png 251w, https:\/\/coopevilaboa.com\/es\/wp-content\/uploads\/2021\/06\/trabajo-en-equipo-01-01-150x150.png 150w\" sizes=\"(max-width: 251px) 100vw, 251px\" \/>\t\t\t\t\t\t\t\t\t\t\t\t\t\t\t<\/div>\n\t\t\t\t<\/div>\n\t\t\t\t\t<\/div>\n\t\t<\/div>\n\t\t\t\t\t\t\t<\/div>\n\t\t<\/section>\n\t\t\t\t<section class=\"elementor-section elementor-top-section elementor-element elementor-element-0c0610b elementor-section-boxed elementor-section-height-default elementor-section-height-default\" data-id=\"0c0610b\" data-element_type=\"section\">\n\t\t\t\t\t\t<div class=\"elementor-container elementor-column-gap-default\">\n\t\t\t\t\t<div class=\"elementor-column elementor-col-100 elementor-top-column elementor-element elementor-element-797b6f2\" data-id=\"797b6f2\" data-element_type=\"column\">\n\t\t\t<div class=\"elementor-widget-wrap\">\n\t\t\t\t\t\t\t\t\t<\/div>\n\t\t<\/div>\n\t\t\t\t\t\t\t<\/div>\n\t\t<\/section>\n\t\t\t\t<section class=\"elementor-section elementor-top-section elementor-element elementor-element-f98442e elementor-section-boxed elementor-section-height-default elementor-section-height-default\" data-id=\"f98442e\" data-element_type=\"section\">\n\t\t\t\t\t\t<div class=\"elementor-container elementor-column-gap-default\">\n\t\t\t\t\t<div class=\"elementor-column elementor-col-100 elementor-top-column elementor-element elementor-element-fce34b1\" data-id=\"fce34b1\" data-element_type=\"column\">\n\t\t\t<div class=\"elementor-widget-wrap elementor-element-populated\">\n\t\t\t\t\t\t\t\t<div class=\"elementor-element elementor-element-c4a9fd8 elementor-widget elementor-widget-text-editor\" data-id=\"c4a9fd8\" data-element_type=\"widget\" data-widget_type=\"text-editor.default\">\n\t\t\t\t<div class=\"elementor-widget-container\">\n\t\t\t\t\t\t\t\t<p style=\"font-weight: 300;\"><b><strong>30\/01\/1965 \u2013 Reuni\u00f3n de la Junta de Gobierno de la Cooperativa de Productos del Campo de Vilaboa.<\/strong><\/b><\/p><p style=\"font-weight: 300;\">Tomar el acuerdo para elegir como Tesorero al se\u00f1or Vicente Casal Polo quien acepta el cargo y sustituye al tesorero saliente firmando el balance en prueba de conformidad.<\/p><p style=\"font-weight: 300;\"><b><strong>27\/02\/1967 \u2013 Reuni\u00f3n de la Junta de Gobierno de la Cooperativa Produtores do Campo de Vilaboa.<\/strong><\/b><\/p><p style=\"font-weight: 300;\">Para rendir cuentas del saldo del Almac\u00e9n con liquidaci\u00f3n del excedente a favor del tendero y cuyos datos fueron los siguientes:<\/p><ul style=\"font-weight: 300;\"><li>Importe valor de los bienes\u2026\u2026\u2026\u2026\u2026\u2026\u2026\u2026. 234.732,39 Ptas.<\/li><li>Importe de Gastos Generales\u2026\u2026\u2026\u2026\u2026\u2026\u2026\u2026\u2026.\u00a0\u00a0\u00a0 32.773,94 Ptas.<\/li><li>Importe de las deudas de los socios\u2026\u2026\u2026\u2026\u2026\u2026\u2026\u00a0\u00a0\u00a0 57.236,50 Ptas.<\/li><li>Importes totales\u2026\u2026\u2026\u2026\u2026\u2026\u2026\u2026\u2026\u2026\u2026\u2026\u2026\u2026\u2026 324.742,83 Ptas.<\/li><\/ul><p style=\"font-weight: 300;\"><b><strong>26\/02\/1968 \u2013 Aprobaci\u00f3n por la Direcci\u00f3n General de Promoci\u00f3n Social.<\/strong><\/b><\/p><p style=\"font-weight: 300;\">De acuerdo con la Ley de Cooperaci\u00f3n de 2 de enero de 1942 y Reglamento de 11 de noviembre de 1943 de los <strong>Estatutos de la Cooperativa de Consumidores de San Vicente de Vilaboa<\/strong> y registrarlo con el n\u00famero 15.527 y enmarcarlo en la Uni\u00f3n Nacional de Cooperativas de Consumo. La Cooperativa acoger\u00e1 como socios a todas las personas mayores que pertenezcan a la parroquia de Vilaboa.<\/p><p style=\"font-weight: 300;\"><b><strong>01\/03\/1969 \u2013 Reuni\u00f3n de la Junta de Gobierno.<\/strong><\/b><\/p><p style=\"font-weight: 300;\">Rendici\u00f3n de cuentas de la <a href=\"http:\/\/coopevilaboa.com\/wp-content\/uploads\/2021\/06\/primeira_cartilla.pdf\">Secci\u00f3n de Cr\u00e9dito de la Cooperativa<\/a> en la que se se\u00f1alan algunas cifras que son las siguientes. En cuanto al saldo:<\/p><ul style=\"font-weight: 300;\"><li>Importe de las operaci\u00f3nes pasivas\u2026\u2026\u2026\u2026\u2026\u2026\u2026.\u00a0 \u00a0\u00a0\u00a0\u00a0\u00a0\u00a0\u00a0 11.774.020,09 Ptas.<\/li><li>Importe de las operaciones activas\u2026\u2026\u2026\u2026\u2026\u2026\u2026.\u00a0\u00a0\u00a0\u00a0\u00a0\u00a0\u00a0\u00a0\u00a0 10.088.233,00 Ptas.<\/li><li>Importe de los dep\u00f3sitos en los bancos\u2026\u2026\u2026\u2026\u2026\u2026\u2026\u00a0\u00a0\u00a0\u00a0\u00a0\u00a0\u00a0\u00a0\u00a0 1.685.787,09 Ptas.<\/li><\/ul><p style=\"font-weight: 300;\">Y en cuanto a los <strong>Resultados de Operaciones<\/strong>, mostr\u00f3 las siguientes cifras:<\/p><ul style=\"font-weight: 300;\"><li>Importe de los\u00a0 Intereses Cobrados\u2026\u2026\u2026\u2026\u2026\u2026\u2026.. \u00a0\u00a0\u00a0\u00a0\u00a0\u00a0\u00a0 480.469,60 Ptas.<\/li><li>Importe de los Intereses Pagos\u2026\u2026\u2026\u2026\u2026\u2026\u2026\u2026 \u00a0\u00a0\u00a0\u00a0\u00a0\u00a0\u00a0 367.129,84 Ptas.<\/li><li>Importe de las Ganancias Brutas\u2026\u2026\u2026\u2026\u2026\u2026\u2026\u2026 \u00a0\u00a0\u00a0\u00a0\u00a0\u00a0\u00a0\u00a0 113.339,76 Ptas.<\/li><\/ul><p style=\"font-weight: 300;\"><b><strong>1977 \u2013 Comienza la construcci\u00f3n del Almac\u00e9n de la Cooperativa<\/strong><\/b><\/p><p style=\"font-weight: 300;\"><b><strong>17\/09\/1983 \u2013 Reuni\u00f3n de la Junta de Gobierno:<br \/><\/strong><\/b><\/p><p>En el que ya figura como Presidente: D. \u00c1ngel Caneiro Vilela.<\/p><p>Menciona la uni\u00f3n de cooperativas como secciones de diferentes actividades de consumo y el campo. Y actuando bajo el nombre de <strong>Cooperativas de Productores del Campo de San Vicente de Vilaboa.<\/strong> Tambi\u00e9n se menciona la actividad de la Secci\u00f3n M\u00e9dica.<\/p><p style=\"font-weight: 300;\"><b><strong>09\/10\/1983 \u2013 Reuni\u00f3n de la Junta de Gobierno.<br \/><\/strong><\/b><\/p><p style=\"font-weight: 300;\">Acordar por unanimidad la compra de un terreno que re\u00fana las condiciones y medidas adecuadas para la construcci\u00f3n e instalaciones de un campo deportivo y almacenes previsibles para almacenes y almacenamiento de maquinaria de la Cooperativa.<\/p><p style=\"font-weight: 300;\"><b><strong>12\/11\/1983 \u2013 Reuni\u00f3n de la Junta de Gobierno.<\/strong><\/b><\/p><p style=\"font-weight: 300;\">Acordar el aporte de cuotas a la organizaci\u00f3n supracooperativa <strong>UTECO.<\/strong><\/p><p style=\"font-weight: 300;\"><b><strong>28\/12\/1985 \u2013 Reuni\u00f3n de la Junta de Gobierno.<\/strong><\/b><\/p><p style=\"font-weight: 300;\">Acordar la formaci\u00f3n de comisiones, refiri\u00e9ndose a la representaci\u00f3n de COPAGRO y la <strong>cooperativa agropecuaria provincial membres\u00eda S. Coop. Ltda. LEYMA.<\/strong><\/p><p style=\"font-weight: 300;\"><b><strong>01\/03\/1986 \u2013 Reuni\u00f3n de la Junta de Gobierno.<\/strong><\/b><\/p><p style=\"font-weight: 300;\">Con el fin de acordar normas sobre el funcionamiento del apartado de Recogida de Leche mediante la contrataci\u00f3n de transporte, encargando la redacci\u00f3n del correspondiente contrato al Sr. Abogado-Asesor y de las gestiones para solicitar la integraci\u00f3n como socio de la cooperativa <strong>CODEAL.<\/strong><\/p>\t\t\t\t\t\t<\/div>\n\t\t\t\t<\/div>\n\t\t\t\t\t<\/div>\n\t\t<\/div>\n\t\t\t\t\t\t\t<\/div>\n\t\t<\/section>\n\t\t\t\t<section class=\"elementor-section elementor-top-section elementor-element elementor-element-b17787c elementor-section-boxed elementor-section-height-default elementor-section-height-default\" data-id=\"b17787c\" data-element_type=\"section\">\n\t\t\t\t\t\t<div class=\"elementor-container elementor-column-gap-default\">\n\t\t\t\t\t<div class=\"elementor-column elementor-col-100 elementor-top-column elementor-element elementor-element-0afb615\" data-id=\"0afb615\" data-element_type=\"column\">\n\t\t\t<div class=\"elementor-widget-wrap elementor-element-populated\">\n\t\t\t\t\t\t\t\t<div class=\"elementor-element elementor-element-e75e16b elementor-widget elementor-widget-image\" data-id=\"e75e16b\" data-element_type=\"widget\" data-widget_type=\"image.default\">\n\t\t\t\t<div class=\"elementor-widget-container\">\n\t\t\t\t\t\t\t\t\t\t\t\t\t\t\t<img decoding=\"async\" width=\"768\" height=\"560\" src=\"https:\/\/coopevilaboa.com\/es\/wp-content\/uploads\/2021\/07\/201711241648-768x560.jpg\" class=\"attachment-medium_large size-medium_large\" alt=\"Cooperativa 1986\" srcset=\"https:\/\/coopevilaboa.com\/es\/wp-content\/uploads\/2021\/07\/201711241648-768x560.jpg 768w, https:\/\/coopevilaboa.com\/es\/wp-content\/uploads\/2021\/07\/201711241648-300x219.jpg 300w, https:\/\/coopevilaboa.com\/es\/wp-content\/uploads\/2021\/07\/201711241648.jpg 1024w\" sizes=\"(max-width: 768px) 100vw, 768px\" \/>\t\t\t\t\t\t\t\t\t\t\t\t\t\t\t<\/div>\n\t\t\t\t<\/div>\n\t\t\t\t\t<\/div>\n\t\t<\/div>\n\t\t\t\t\t\t\t<\/div>\n\t\t<\/section>\n\t\t\t\t<section class=\"elementor-section elementor-top-section elementor-element elementor-element-9b8e86e elementor-section-boxed elementor-section-height-default elementor-section-height-default\" data-id=\"9b8e86e\" data-element_type=\"section\">\n\t\t\t\t\t\t<div class=\"elementor-container elementor-column-gap-default\">\n\t\t\t\t\t<div class=\"elementor-column elementor-col-100 elementor-top-column elementor-element elementor-element-ff5c2ae\" data-id=\"ff5c2ae\" data-element_type=\"column\">\n\t\t\t<div class=\"elementor-widget-wrap elementor-element-populated\">\n\t\t\t\t\t\t\t\t<div class=\"elementor-element elementor-element-4751cc4 elementor-widget elementor-widget-text-editor\" data-id=\"4751cc4\" data-element_type=\"widget\" data-widget_type=\"text-editor.default\">\n\t\t\t\t<div class=\"elementor-widget-container\">\n\t\t\t\t\t\t\t\t<p style=\"font-weight: 300;\"><span style=\"color: #000000;\"><b><strong>15\/10\/1988 \u2013 Adaptaci\u00f3n a los estatutos de la Cooperativa<\/strong><\/b><\/span><\/p><p style=\"font-weight: 300;\"><span style=\"color: #000000;\">Adecuarse a la normativa vigente en ese momento, estando inscrita la denominaci\u00f3n: \u00ab<strong>Sociedad Cooperativa del Campo de San Vicente de Vilaboa<\/strong>\u00bb con el <strong>n\u00famero 56-SCT<\/strong> del Registro de Cooperativas dependiente de la Direcci\u00f3n General de Relaciones Laborales de la Xunta de Galicia. .<\/span><\/p><p style=\"font-weight: 300;\"><span style=\"color: #000000;\"><b><strong>1992 \u2013 COMIENZA LA CONSTRUCCI\u00d3N DEL EDIFICIO ACTUAL DE LA COOPERATIVA<\/strong><\/b><\/span><\/p><p style=\"font-weight: 300;\"><span style=\"color: #000000;\"><b><strong>26\/12\/2002 \u2013 Adaptaci\u00f3n de los estatutos de la Cooperativa.<br \/><\/strong><\/b><\/span><\/p><p style=\"font-weight: 300;\"><span style=\"color: #000000;\">Adoptando el nombre de \u00ab<strong>Cooperativa Agraria de Vilaboa, S.C.G.\u00bb<\/strong> para dar cumplimiento a la Ley de Cooperativas de la Comunidad Gallega con el mismo <strong>n\u00famero 56-STC<\/strong> del registro gallego.<\/span><\/p><p style=\"font-weight: 300;\"><span style=\"color: #000000;\"><b><strong>04\/05\/2003 \u2013 Fallecimiento de D. Vicente Casal Polo.<\/strong><\/b><\/span><\/p><p style=\"font-weight: 300;\"><span style=\"color: #000000;\">Con treinta y ocho a\u00f1os de servicio en el cargo de Tesorero de la Secci\u00f3n de Cr\u00e9dito.<\/span><\/p><p><span style=\"color: #000000;\"><strong>17-03-2005 -Se ha firmado un convenio con \u00abLA CAIXA\u00bb para colaborar en materia bancaria.<\/strong><\/span><br \/><span style=\"color: #000000;\">Apoyo a la Secci\u00f3n de Cr\u00e9dito en materia de servicios bancarios a socios.<\/span><\/p><p style=\"font-weight: 300;\"><span style=\"color: #000000;\"><b><strong>18\/04\/2006 \u2013 Fallecimiento de D. Juan Jos\u00e9 P\u00e9rez Garc\u00eda.<\/strong><\/b><\/span><\/p><p style=\"font-weight: 300;\"><span style=\"color: #000000;\">Con treinta a\u00f1os de servicio en el cargo de Contador de la Cooperativa.<\/span><\/p><p style=\"font-weight: 300;\"><span style=\"color: #000000;\"><b><strong>26\/09\/2006 \u2013 Registro de la modificaci\u00f3n de los estatutos de la Cooperativa.<br \/><\/strong><\/b><\/span><\/p><p style=\"font-weight: 300;\"><span style=\"color: #000000;\">Calific\u00e1ndose como cooperativa de consumidores y usuarios con la denominaci\u00f3n de <strong>\u201cCooperativa de Vilaboa de Consumidores y Usuarios, SCG\u201d<\/strong> por acuerdo de su asamblea y escrituras de 28\/10\/2005 y 01\/02\/2006, conservando su n\u00famero de <strong>registro 56- SCT.<\/strong><\/span><\/p><p style=\"font-weight: 300;\"><span style=\"color: #000000;\"><b><strong>15\/10\/2006 \u2013 Fallecimiento de D. Cipriano Dobarro Montero.<\/strong><\/b><\/span><\/p><p style=\"font-weight: 300;\"><span style=\"color: #000000;\">Con veinticinco a\u00f1os de servicio en el cargo de Abogado Asesor del Consejo de Gobierno.<\/span><\/p><p style=\"font-weight: 300;\"><span style=\"color: #000000;\"><b><strong>09\/04\/2007- Registro de su Reglamento Interno.<br \/><\/strong><\/b><\/span><\/p><p style=\"font-weight: 300;\"><span style=\"color: #000000;\">De la escritura de 05\/10\/2006 que recoge el acuerdo de Aprobaci\u00f3n del Reglamento de R\u00e9gimen Interno de la <strong>Secci\u00f3n de Cr\u00e9dito de la Cooperativa<\/strong> adoptado por la Asamblea General en fecha 26 de junio de 2004.<\/span><\/p><p><span style=\"color: #000000;\"><strong>28-11-2012 .- Se crea la Fundaci\u00f3n San Vicente de Vilaboa. Siendo su motor y \u00fanico \u00abmecenas\u00bb de la Cooperativa.<\/strong><\/span><br \/><span style=\"color: #000000;\">Esta fundaci\u00f3n se crea para dar respuesta a todos los problemas de car\u00e1cter social.<\/span><br \/><span style=\"color: #000000;\">La fundaci\u00f3n tiene como finalidad la asistencia social, inclusi\u00f3n social, desarrollo, promoci\u00f3n, financiaci\u00f3n, organizaci\u00f3n, ejecuci\u00f3n y prestaci\u00f3n de cualquier forma de ayudas, servicios, actos o actividades sociales, c\u00edvicas, educativas o culturales, etc.<\/span><\/p><p><span style=\"color: #000000;\"><strong>1-06-2017.- Finaliza el contrato con la entidad \u201cCAIXABANK\u201d<\/strong><\/span><\/p><p><span style=\"color: #000000;\"><strong>23-05-2017 .- Se firm\u00f3 convenio de colaboraci\u00f3n en materia bancaria con la entidad \u201cBANCO SABADELL-GALLEGO, S.A.\u201d<br \/><\/strong><\/span><br \/><span style=\"color: #000000;\"><strong>03-10-2018 .- La Cooperativa ha aceptado unirse a la plataforma \u00abCOOPCREDIT\u00bb.<\/strong><\/span><br \/><span style=\"color: #000000;\">Programa inform\u00e1tico para la gesti\u00f3n de Secciones de Cr\u00e9dito.-<\/span><br \/><span style=\"color: #000000;\"><strong>12-10-2019 .- Se inaugurar\u00e1 la \u201cESTACI\u00d3N DE SERVICIO VILABOA, S.L.\u201d.<\/strong> que es propiedad de la Cooperativa.-<br \/>La estaci\u00f3n y la llamada desatendida, y est\u00e1 abierta las 24 horas.<\/span><\/p><p><span style=\"color: #000000;\"><strong>21-09-2021 .<\/strong>-Despois de case dous anos de Adaptacions e cumprimentos de Normativa a Administracion AUTON\u00d3MICA inscribe a Cooperativa de Vilaboa como PRESTAMISTA INMOBILIARIO.- (Primeira de Galiza e Espa\u00f1a)<\/span><\/p>\t\t\t\t\t\t<\/div>\n\t\t\t\t<\/div>\n\t\t\t\t\t<\/div>\n\t\t<\/div>\n\t\t\t\t\t\t\t<\/div>\n\t\t<\/section>\n\t\t\t\t<section class=\"elementor-section elementor-top-section elementor-element elementor-element-5592a6d elementor-section-boxed elementor-section-height-default elementor-section-height-default\" data-id=\"5592a6d\" data-element_type=\"section\">\n\t\t\t\t\t\t<div class=\"elementor-container elementor-column-gap-default\">\n\t\t\t\t\t<div class=\"elementor-column elementor-col-100 elementor-top-column elementor-element elementor-element-5920499\" data-id=\"5920499\" data-element_type=\"column\">\n\t\t\t<div class=\"elementor-widget-wrap elementor-element-populated\">\n\t\t\t\t\t\t\t\t<div class=\"elementor-element elementor-element-8e05b70 elementor-widget elementor-widget-heading\" data-id=\"8e05b70\" data-element_type=\"widget\" data-widget_type=\"heading.default\">\n\t\t\t\t<div class=\"elementor-widget-container\">\n\t\t\t<h2 class=\"elementor-heading-title elementor-size-default\">Documentos<\/h2>\t\t<\/div>\n\t\t\t\t<\/div>\n\t\t\t\t\t<\/div>\n\t\t<\/div>\n\t\t\t\t\t\t\t<\/div>\n\t\t<\/section>\n\t\t\t\t<section class=\"elementor-section elementor-top-section elementor-element elementor-element-97952e8 elementor-section-boxed elementor-section-height-default elementor-section-height-default\" data-id=\"97952e8\" data-element_type=\"section\">\n\t\t\t\t\t\t<div class=\"elementor-container elementor-column-gap-default\">\n\t\t\t\t\t<div class=\"elementor-column elementor-col-50 elementor-top-column elementor-element elementor-element-a3030f7\" data-id=\"a3030f7\" data-element_type=\"column\">\n\t\t\t<div class=\"elementor-widget-wrap elementor-element-populated\">\n\t\t\t\t\t\t\t\t<div class=\"elementor-element elementor-element-279a5e2 elementor-widget elementor-widget-text-editor\" data-id=\"279a5e2\" data-element_type=\"widget\" data-widget_type=\"text-editor.default\">\n\t\t\t\t<div class=\"elementor-widget-container\">\n\t\t\t\t\t\t\t\t<p style=\"font-weight: 300;\"><b><strong>1.-\u00a0<a href=\"http:\/\/coopevilaboa.com\/wp-content\/uploads\/2021\/06\/primeros_estatutos.pdf\" target=\"_blank\" rel=\"noopener\">Primeiros Estatutos<\/a>\u00a0(pdf)<\/strong><\/b><\/p><p style=\"font-weight: 300;\"><b><strong>2.-\u00a0<a href=\"http:\/\/coopevilaboa.com\/wp-content\/uploads\/2021\/06\/inscripcion.pdf\" target=\"_blank\" rel=\"noopener\">Inscripci\u00f3n da Cooperativa\u00a0<\/a>(pdf)<\/strong><\/b><\/p><p style=\"font-weight: 300;\"><b><strong>3.-\u00a0<a href=\"http:\/\/coopevilaboa.com\/wp-content\/uploads\/2021\/06\/primeira_cartilla.pdf\" target=\"_blank\" rel=\"noopener\">Primeiras cartillas da Secci\u00f3n de Cr\u00e9dito<\/a>.-(pdf)<\/strong><\/b><\/p><p style=\"font-weight: 300;\"><b><strong>4.-\u00a0<a href=\"http:\/\/coopevilaboa.com\/wp-content\/uploads\/2021\/06\/cartillas.pdf\" target=\"_blank\" rel=\"noopener\">Outras cartillas sen mecanizar<\/a>.(pdf)<\/strong><\/b><\/p><p style=\"font-weight: 300;\"><b><strong>5.-\u00a0<a href=\"http:\/\/coopevilaboa.com\/wp-content\/uploads\/2021\/06\/cartilla_mecanizada.pdf\" target=\"_blank\" rel=\"noopener\">Cartillas Mecanizadas<\/a>.-(pdf)<\/strong><\/b><\/p>\t\t\t\t\t\t<\/div>\n\t\t\t\t<\/div>\n\t\t\t\t\t<\/div>\n\t\t<\/div>\n\t\t\t\t<div class=\"elementor-column elementor-col-50 elementor-top-column elementor-element elementor-element-78bb200\" data-id=\"78bb200\" data-element_type=\"column\">\n\t\t\t<div class=\"elementor-widget-wrap elementor-element-populated\">\n\t\t\t\t\t\t\t\t<div class=\"elementor-element elementor-element-6e0238d elementor-widget elementor-widget-image\" data-id=\"6e0238d\" data-element_type=\"widget\" data-widget_type=\"image.default\">\n\t\t\t\t<div class=\"elementor-widget-container\">\n\t\t\t\t\t\t\t\t\t\t\t\t\t\t\t<img decoding=\"async\" width=\"250\" height=\"250\" src=\"https:\/\/coopevilaboa.com\/es\/wp-content\/uploads\/2021\/06\/pergamino-01.png\" class=\"attachment-full size-full\" alt=\"\" srcset=\"https:\/\/coopevilaboa.com\/es\/wp-content\/uploads\/2021\/06\/pergamino-01.png 250w, https:\/\/coopevilaboa.com\/es\/wp-content\/uploads\/2021\/06\/pergamino-01-150x150.png 150w\" sizes=\"(max-width: 250px) 100vw, 250px\" \/>\t\t\t\t\t\t\t\t\t\t\t\t\t\t\t<\/div>\n\t\t\t\t<\/div>\n\t\t\t\t\t<\/div>\n\t\t<\/div>\n\t\t\t\t\t\t\t<\/div>\n\t\t<\/section>\n\t\t\t\t<section class=\"elementor-section elementor-top-section elementor-element elementor-element-f14ee2e elementor-section-boxed elementor-section-height-default elementor-section-height-default\" data-id=\"f14ee2e\" data-element_type=\"section\">\n\t\t\t\t\t\t<div class=\"elementor-container elementor-column-gap-default\">\n\t\t\t\t\t<div class=\"elementor-column elementor-col-100 elementor-top-column elementor-element elementor-element-627c796\" data-id=\"627c796\" data-element_type=\"column\">\n\t\t\t<div class=\"elementor-widget-wrap elementor-element-populated\">\n\t\t\t\t\t\t\t\t<div class=\"elementor-element elementor-element-a4f1557 elementor-widget elementor-widget-heading\" data-id=\"a4f1557\" data-element_type=\"widget\" data-widget_type=\"heading.default\">\n\t\t\t\t<div class=\"elementor-widget-container\">\n\t\t\t<h2 class=\"elementor-heading-title elementor-size-default\">PERSPECTIVAS DE LAS SECCIONES DE CR\u00c9DITO DE LAS COOPERATIVAS\n<\/h2>\t\t<\/div>\n\t\t\t\t<\/div>\n\t\t\t\t\t<\/div>\n\t\t<\/div>\n\t\t\t\t\t\t\t<\/div>\n\t\t<\/section>\n\t\t\t\t<section class=\"elementor-section elementor-top-section elementor-element elementor-element-e2a702e elementor-section-boxed elementor-section-height-default elementor-section-height-default\" data-id=\"e2a702e\" data-element_type=\"section\">\n\t\t\t\t\t\t<div class=\"elementor-container elementor-column-gap-default\">\n\t\t\t\t\t<div class=\"elementor-column elementor-col-100 elementor-top-column elementor-element elementor-element-a1ea124\" data-id=\"a1ea124\" data-element_type=\"column\">\n\t\t\t<div class=\"elementor-widget-wrap elementor-element-populated\">\n\t\t\t\t\t\t\t\t<div class=\"elementor-element elementor-element-bb4501f elementor-widget elementor-widget-text-editor\" data-id=\"bb4501f\" data-element_type=\"widget\" data-widget_type=\"text-editor.default\">\n\t\t\t\t<div class=\"elementor-widget-container\">\n\t\t\t\t\t\t\t\t<p style=\"font-weight: 300;\">En la regi\u00f3n de Ferrolterra, las secciones de cr\u00e9dito nacieron como respuesta a las necesidades de los cooperativistas, agricultores de bajo poder econ\u00f3mico, que ven\u00edan subsistiendo de los frutos de minifundios, trabajaban en algunos casos en arriendo, con pago de r\u00e9gimen. De esta forma, la colaboraci\u00f3n de las secciones de cr\u00e9dito por, entre y para los propios cooperativistas, al amparo del ordenamiento jur\u00eddico de la Ley de Cooperaci\u00f3n de 1942, que con total exenci\u00f3n fiscal en ese momento, encomienda su gesti\u00f3n a los consejos de gobierno, form\u00f3 por los campesinos contratados la honorabilidad, con la confianza que debe merecer de los depositantes, la figura carism\u00e1tica de buena gente, honesta, prudente y dotada de gran sentido humanitario en torno a un consejero, que alentaba a realizar labores actuando m\u00e1s por prop\u00f3sitos morales que profesionales.<\/p><p style=\"font-weight: 300;\">Inicialmente, la adquisici\u00f3n de recursos externos, como pasivo necesario para otorgar pr\u00e9stamos que exig\u00eda la modestia de los agricultores, se sustentaba en cinco premisas:<\/p><ul style=\"font-weight: 300;\"><li>Total discreci\u00f3n sobre personas y flujos gestionados.<\/li><li>Total seguridad en la custodia honesta de los flujos capturados.<\/li><li>Retribuci\u00f3n de un inter\u00e9s espec\u00edfico superior al inter\u00e9s de mercado.<\/li><li>Otorgar pr\u00e9stamos baratos a quienes los necesiten.<\/li><li>Administraci\u00f3n espartana del diferencial entre retribuciones econ\u00f3micas.<\/li><\/ul><p style=\"font-weight: 300;\">es la Administraci\u00f3n Tributaria quien con fuertes correcciones a estos tramos de cr\u00e9dito a ra\u00edz de la reforma a la normativa tributaria de 1978 impone un mayor rigor en materia de obligaciones contables, con p\u00e9rdida de la opacidad del secreto bancario. Adem\u00e1s, el constante crecimiento en n\u00famero y volumen de operaciones activas y pasivas, traen la demanda de mayor profesionalismo en el manejo de estos reductos de dinero privado, mostrando signos de avance progresivamente en las operaciones de otras secciones de Supermercado, Almac\u00e9n, Recolecci\u00f3n de Leche. , Sanitario y Veterinario.<\/p><p style=\"font-weight: 300;\">Es, sobre todo, la incidencia de la tributaci\u00f3n (con la retenci\u00f3n en las fuentes del IRPF) lo que viene a desbordar la capacidad de gesti\u00f3n de las cooperativas, exigi\u00e9ndoles soluci\u00f3n a sus tres problemas principales:<\/p><ul style=\"font-weight: 300;\"><li>Estrechamiento de sus m\u00e1rgenes diferenciales.<\/li><li>Profesionalizaci\u00f3n de la gesti\u00f3n de flujos.<\/li><li>Aparici\u00f3n de depositantes \/ receptores de inter\u00e9s..<\/li><\/ul><p style=\"font-weight: 300;\">La falta de respuesta a este problema, sumado al deficiente seguimiento por parte de la administraci\u00f3n p\u00fablica, resulta en la ca\u00edda irregular de uno de estos tramos de cr\u00e9dito, sin ser subsanado por la Ley General de Cooperativas que deja en manos de la soluci\u00f3n de este problema. de la comunidad; tampoco es una soluci\u00f3n el Estatuto Fiscal de las Cooperativas, que s\u00f3lo piensa en juzgar la filosof\u00eda cooperativista como rentas capitalistas a las que gravar. Sea cual sea la idea del legislador, lo cierto es que las obligaciones impuestas por la ley a las cooperativas, no vinieron a solucionar sus problemas, sino simplemente a intervenir con una recaudaci\u00f3n puramente tributaria.<\/p><p style=\"font-weight: 300;\">Pero tambi\u00e9n hay que reconocer que a\u00fan sin solucionar los problemas, todo ello ha redundado en un mayor respeto por parte de sus directivos, oblig\u00e1ndolos a poner personas a su servicio para poner orden en su gesti\u00f3n. Y es as\u00ed como, sin perder el car\u00e1cter carism\u00e1tico de los responsables de estas secciones, de reconocida prudencia y honestidad, (en cuyas operaciones se pasa de amigo en amigo), se ha entrado de lleno en la profesionalizaci\u00f3n de la gesti\u00f3n financiera de estas secciones.<\/p><p style=\"font-weight: 300;\">De esta forma nos encontramos con las cooperativas de la comarca de Ferrolterra, en cuyos tramos de cr\u00e9dito se gestionan en los a\u00f1os ochenta m\u00e1s de quince mil millones de pesetas (la moneda de entonces) de manera discreta y tranquila, honesta y eficaz, que consiguieron sobrevivir a la banca. crisis y reforma tributaria, sin necesidad de la intervenci\u00f3n de ning\u00fan \u00f3rgano administrativo. Porque sus directivos han sabido, con mucho sentido com\u00fan, adaptar y reciclar sus recursos de gesti\u00f3n y modernizar su aparato de gesti\u00f3n para hacerlos efectivos.<\/p><p style=\"font-weight: 300;\">Los tramos de cr\u00e9dito, una vez recuperados del grave colapso provocado por la adecuaci\u00f3n financiera a la reforma tributaria, lograron evolucionar de funciones de absoluta debilidad financiera en 1985, en las que con una m\u00ednima cobertura de capital sobre el pasivo externo, en forma de imposiciones, lograron colocarse en los puestos sueltos que muestran sus cuentas en 2007. Es evidente que la precaria garant\u00eda econ\u00f3mica que ofrec\u00eda una secci\u00f3n a sus depositantes asegurando menos de dos euros por cada cien que recaudaba, garantizando s\u00f3lo su impecable honestidad de buena virilidad, han ahora multiplicado a m\u00e1s de diez veces esa garant\u00eda. Y si bien es cierto que la situaci\u00f3n de independencia econ\u00f3mica del \u00e1mbito social de las cooperativas se evidencia por las cifras de los impuestos medios (en 2007 son seis veces las de 1984), las cifras de los pr\u00e9stamos en esta misma etapa se multiplicaron por 5,2. lo que a primera vista podr\u00eda significar una menor necesidad social de la existencia de estos tramos de cr\u00e9dito. Sin embargo, no pod\u00edamos dejar de considerar la necesidad de cobertura y protecci\u00f3n de m\u00e1s de diez mil beneficiarios de estas operaciones de cr\u00e9dito en la regi\u00f3n de Ferrolterra, otorgadas sin m\u00e1s garant\u00eda que personal y a quienes se les cobra una tasa de inter\u00e9s inferior al costo de los mercados de capitales y sin otros cargos, gastos o comisiones por lo que al uso generalizado en intermediarios financieros.<\/p><p style=\"font-weight: 300;\">Por \u00faltimo, no se puede pasar por alto que la incidencia de morosidad en la recuperaci\u00f3n de saldos deudores, que se produce a pesar de la gesti\u00f3n personalizada de estos apartados y que, como en cualquier otra entidad del mercado de capitales, ha tenido que ser soportada por las correspondientes dotaciones a la provisi\u00f3n. cuenta, con deterioro de las respectivas cuentas anuales. De todo ello, los rectores sacaron conclusiones e incluso pudieron conocer que, sin perjuicio de la fiel idea del mutuo cooperativismo, se deben tomar precauciones para salvaguardar los flujos del cooperativista, hasta la figura del delincuente en el cooperativista. El mundo no es solo m\u00e1s bajo lo que circula en el mundo de la banca tradicional sino que verdaderamente lo testifica.<\/p><p style=\"font-weight: 300;\">Dada la forma resumida, al recorrer las secciones de cr\u00e9dito, se pueden resumir en:<\/p><ul style=\"font-weight: 300;\"><li>Personalizaci\u00f3n de operaciones con discreci\u00f3n y prudente confianza.<\/li><li>Profesionalizaci\u00f3n de operaciones para realizar una buena gesti\u00f3n.<\/li><li>Adecuaci\u00f3n de la gesti\u00f3n al cumplimiento de la normativa fiscal y mercantil.<\/li><\/ul><p style=\"font-weight: 300;\">Y podemos anticipar que el presente nos condiciona y nos lleva a contemplar:<\/p><h3 style=\"font-weight: 300;\"><strong>A)-Estrechamiento de los m\u00e1rgenes de maniobra.<\/strong><\/h3><p style=\"font-weight: 300;\">En tipos de inter\u00e9s no hay duda de que los tramos de cr\u00e9dito deben gestionarse con un peque\u00f1o margen de diferencia entre los costes de las operaciones pasivas y los ingresos de las operaciones activas, como cualquier entidad intermediaria en el mercado de capitales. Y cuando estos m\u00e1rgenes se reducen, tambi\u00e9n lo hacen los m\u00e1rgenes de maniobrabilidad de la gesti\u00f3n. Las entidades de cr\u00e9dito no cooperativas est\u00e1n avanzando a trav\u00e9s del cobro de gastos adicionales, gesti\u00f3n, comisiones, logros con plusval\u00edas y, en ocasiones, nos complementan con la venta de sartenes, relojes, manteles, viajes, etc. Se impone, por tanto, un esfuerzo de imaginaci\u00f3n, porque sus costes ya est\u00e1n ajustados por debajo de los niveles m\u00ednimos. Pero en este punto, las secciones de cr\u00e9dito toman una gran ventaja sobre las grandes en banca: personalizaci\u00f3n de la gesti\u00f3n; un depositante seguir\u00e1 siendo siempre un socio y un amigo al que se le guarda el dinero de forma discreta, segura y rentable, sin dejar de manejarlo de forma m\u00e1s eficiente y rentable que cualquier banco. Y adem\u00e1s de esta relaci\u00f3n amistosa, el socio fiscal est\u00e1 contribuyendo a la pr\u00e1ctica del cooperativismo en forma de pr\u00e9stamo barato con garant\u00eda personal.<\/p><h3 style=\"font-weight: 300;\"><strong>B)- Regulaci\u00f3n de operaciones internas.<\/strong><\/h3><p style=\"font-weight: 300;\">Normativa interna. En la forma en que a las empresas se les garantiza su futuro a trav\u00e9s del previsible plan de reposici\u00f3n al establecer el \u00abprotocolo familiar\u00bb, las secciones de cr\u00e9dito tienen previsto continuar y establecer su filosof\u00eda de confianza en la prudente seguridad de los fondos entregados a la custodia de los gestores. aprobar normas de comportamiento futuro a las que se limitan los sucesores en la gesti\u00f3n de las cooperativas aprobando el \u201cReglamento de R\u00e9gimen Interno\u201d de estos apartados. En la articulaci\u00f3n de esta normativa se busca la observancia de la filosof\u00eda fundamental del cooperativismo que, repetimos:<\/p><ul style=\"font-weight: 300;\"><li>Discreci\u00f3n sobre personas, operaciones y fondos.<\/li><li>Prudencia en el uso honesto de los flujos gestionados.<\/li><li>Retribuci\u00f3n de intereses superior al mercado.<\/li><li>Concesi\u00f3n de pr\u00e9stamos con tipos de inter\u00e9s inferiores a los del mercado.<\/li><li>Administraci\u00f3n espartana y prudente de los diferenciales.<\/li><\/ul><p style=\"font-weight: 300;\">Y todo ello, y a\u00fan cumpliendo con las m\u00e1s modernas t\u00e9cnicas de gesti\u00f3n empresarial, sin desviarse en absoluto de los preceptos y principios del Cooperativismo, como manda la premisa de la Alianza Cooperativa Internacional:<\/p><ul style=\"font-weight: 300;\"><li>Principio de libertad y puertas abiertas.<\/li><li>Principio de mutualidad no capitalista.<\/li><li>Principio de cada hombre, un voto.<\/li><\/ul>\t\t\t\t\t\t<\/div>\n\t\t\t\t<\/div>\n\t\t\t\t<div class=\"elementor-element elementor-element-dffd952 elementor-widget elementor-widget-image\" data-id=\"dffd952\" data-element_type=\"widget\" data-widget_type=\"image.default\">\n\t\t\t\t<div class=\"elementor-widget-container\">\n\t\t\t\t\t\t\t\t\t\t\t\t\t\t\t<img decoding=\"async\" width=\"251\" height=\"251\" src=\"https:\/\/coopevilaboa.com\/es\/wp-content\/uploads\/2021\/06\/barril-antiguo-01-01.png\" class=\"attachment-full size-full\" alt=\"\" srcset=\"https:\/\/coopevilaboa.com\/es\/wp-content\/uploads\/2021\/06\/barril-antiguo-01-01.png 251w, https:\/\/coopevilaboa.com\/es\/wp-content\/uploads\/2021\/06\/barril-antiguo-01-01-150x150.png 150w\" sizes=\"(max-width: 251px) 100vw, 251px\" \/>\t\t\t\t\t\t\t\t\t\t\t\t\t\t\t<\/div>\n\t\t\t\t<\/div>\n\t\t\t\t\t<\/div>\n\t\t<\/div>\n\t\t\t\t\t\t\t<\/div>\n\t\t<\/section>\n\t\t\t\t\t\t<\/div>\n\t\t\t\t\t<\/div>\n\t\t","protected":false},"excerpt":{"rendered":"<p>Orixe da Cooperativa La Cooperativa de Productores del Campo de Vilaboa tiene su origen en la Parroquia de San Vicente de Vilaboa, (Ayuntamiento de Valdovi\u00f1o-A Coru\u00f1a), en el a\u00f1o 1945, en el que estaba inscrita en el MINISTERIO DE TRABAJO-DIRECCI\u00d3N GENERAL DE PREVISI\u00d3N con n. 1551, para acoger a propietarios, arrendatarios y aparceros de fincas &hellip;<\/p>\n<p class=\"read-more\"> <a class=\"\" href=\"https:\/\/coopevilaboa.com\/es\/quen-somos\/\"> <span class=\"screen-reader-text\">Quien somos<\/span> Leer m\u00e1s \u00bb<\/a><\/p>\n","protected":false},"author":1,"featured_media":0,"parent":0,"menu_order":0,"comment_status":"closed","ping_status":"closed","template":"","meta":{"footnotes":""},"categories":[],"tags":[],"class_list":["post-1850","page","type-page","status-publish","hentry"],"yoast_head":"<!-- This site is optimized with the Yoast SEO plugin v23.2 - https:\/\/yoast.com\/wordpress\/plugins\/seo\/ -->\n<title>Quien somos - Cooperativa de Vilaboa<\/title>\n<meta name=\"robots\" content=\"index, follow, max-snippet:-1, max-image-preview:large, max-video-preview:-1\" \/>\n<link rel=\"canonical\" href=\"https:\/\/coopevilaboa.com\/es\/quen-somos\/\" \/>\n<meta property=\"og:locale\" content=\"es_ES\" \/>\n<meta property=\"og:type\" content=\"article\" \/>\n<meta property=\"og:title\" content=\"Quien somos - Cooperativa de Vilaboa\" \/>\n<meta property=\"og:description\" content=\"Orixe da Cooperativa La Cooperativa de Productores del Campo de Vilaboa tiene su origen en la Parroquia de San Vicente de Vilaboa, (Ayuntamiento de Valdovi\u00f1o-A Coru\u00f1a), en el a\u00f1o 1945, en el que estaba inscrita en el MINISTERIO DE TRABAJO-DIRECCI\u00d3N GENERAL DE PREVISI\u00d3N con n. 1551, para acoger a propietarios, arrendatarios y aparceros de fincas &hellip; Quien somos Leer m\u00e1s \u00bb\" \/>\n<meta property=\"og:url\" content=\"https:\/\/coopevilaboa.com\/es\/quen-somos\/\" \/>\n<meta property=\"og:site_name\" content=\"Cooperativa de Vilaboa\" \/>\n<meta property=\"article:modified_time\" content=\"2022-02-07T07:51:22+00:00\" \/>\n<meta property=\"og:image\" content=\"https:\/\/coopevilaboa.com\/es\/wp-content\/uploads\/2021\/06\/trabajo-en-equipo-01-01.png\" \/>\n<meta name=\"twitter:card\" content=\"summary_large_image\" \/>\n<meta name=\"twitter:label1\" content=\"Tiempo de lectura\" \/>\n\t<meta name=\"twitter:data1\" content=\"15 minutos\" \/>\n<script type=\"application\/ld+json\" class=\"yoast-schema-graph\">{\"@context\":\"https:\/\/schema.org\",\"@graph\":[{\"@type\":\"WebPage\",\"@id\":\"https:\/\/coopevilaboa.com\/es\/quen-somos\/\",\"url\":\"https:\/\/coopevilaboa.com\/es\/quen-somos\/\",\"name\":\"Quien somos - Cooperativa de Vilaboa\",\"isPartOf\":{\"@id\":\"https:\/\/coopevilaboa.com\/es\/#website\"},\"primaryImageOfPage\":{\"@id\":\"https:\/\/coopevilaboa.com\/es\/quen-somos\/#primaryimage\"},\"image\":{\"@id\":\"https:\/\/coopevilaboa.com\/es\/quen-somos\/#primaryimage\"},\"thumbnailUrl\":\"https:\/\/coopevilaboa.com\/es\/wp-content\/uploads\/2021\/06\/trabajo-en-equipo-01-01.png\",\"datePublished\":\"2021-04-26T08:26:04+00:00\",\"dateModified\":\"2022-02-07T07:51:22+00:00\",\"breadcrumb\":{\"@id\":\"https:\/\/coopevilaboa.com\/es\/quen-somos\/#breadcrumb\"},\"inLanguage\":\"es\",\"potentialAction\":[{\"@type\":\"ReadAction\",\"target\":[\"https:\/\/coopevilaboa.com\/es\/quen-somos\/\"]}]},{\"@type\":\"ImageObject\",\"inLanguage\":\"es\",\"@id\":\"https:\/\/coopevilaboa.com\/es\/quen-somos\/#primaryimage\",\"url\":\"https:\/\/coopevilaboa.com\/es\/wp-content\/uploads\/2021\/06\/trabajo-en-equipo-01-01.png\",\"contentUrl\":\"https:\/\/coopevilaboa.com\/es\/wp-content\/uploads\/2021\/06\/trabajo-en-equipo-01-01.png\",\"width\":251,\"height\":251},{\"@type\":\"BreadcrumbList\",\"@id\":\"https:\/\/coopevilaboa.com\/es\/quen-somos\/#breadcrumb\",\"itemListElement\":[{\"@type\":\"ListItem\",\"position\":1,\"name\":\"Portada\",\"item\":\"https:\/\/coopevilaboa.com\/es\/\"},{\"@type\":\"ListItem\",\"position\":2,\"name\":\"Quien somos\"}]},{\"@type\":\"WebSite\",\"@id\":\"https:\/\/coopevilaboa.com\/es\/#website\",\"url\":\"https:\/\/coopevilaboa.com\/es\/\",\"name\":\"Cooperativa de Vilaboa\",\"description\":\"\",\"publisher\":{\"@id\":\"https:\/\/coopevilaboa.com\/es\/#organization\"},\"potentialAction\":[{\"@type\":\"SearchAction\",\"target\":{\"@type\":\"EntryPoint\",\"urlTemplate\":\"https:\/\/coopevilaboa.com\/es\/?s={search_term_string}\"},\"query-input\":\"required name=search_term_string\"}],\"inLanguage\":\"es\"},{\"@type\":\"Organization\",\"@id\":\"https:\/\/coopevilaboa.com\/es\/#organization\",\"name\":\"Cooperativa de Vilaboa\",\"url\":\"https:\/\/coopevilaboa.com\/es\/\",\"logo\":{\"@type\":\"ImageObject\",\"inLanguage\":\"es\",\"@id\":\"https:\/\/coopevilaboa.com\/es\/#\/schema\/logo\/image\/\",\"url\":\"https:\/\/coopevilaboa.com\/es\/wp-content\/uploads\/2021\/07\/COOP.-VILABOA-VECTORIZADO-01.png\",\"contentUrl\":\"https:\/\/coopevilaboa.com\/es\/wp-content\/uploads\/2021\/07\/COOP.-VILABOA-VECTORIZADO-01.png\",\"width\":142,\"height\":86,\"caption\":\"Cooperativa de Vilaboa\"},\"image\":{\"@id\":\"https:\/\/coopevilaboa.com\/es\/#\/schema\/logo\/image\/\"}}]}<\/script>\n<!-- \/ Yoast SEO plugin. -->","yoast_head_json":{"title":"Quien somos - Cooperativa de Vilaboa","robots":{"index":"index","follow":"follow","max-snippet":"max-snippet:-1","max-image-preview":"max-image-preview:large","max-video-preview":"max-video-preview:-1"},"canonical":"https:\/\/coopevilaboa.com\/es\/quen-somos\/","og_locale":"es_ES","og_type":"article","og_title":"Quien somos - Cooperativa de Vilaboa","og_description":"Orixe da Cooperativa La Cooperativa de Productores del Campo de Vilaboa tiene su origen en la Parroquia de San Vicente de Vilaboa, (Ayuntamiento de Valdovi\u00f1o-A Coru\u00f1a), en el a\u00f1o 1945, en el que estaba inscrita en el MINISTERIO DE TRABAJO-DIRECCI\u00d3N GENERAL DE PREVISI\u00d3N con n. 1551, para acoger a propietarios, arrendatarios y aparceros de fincas &hellip; Quien somos Leer m\u00e1s \u00bb","og_url":"https:\/\/coopevilaboa.com\/es\/quen-somos\/","og_site_name":"Cooperativa de Vilaboa","article_modified_time":"2022-02-07T07:51:22+00:00","og_image":[{"url":"https:\/\/coopevilaboa.com\/es\/wp-content\/uploads\/2021\/06\/trabajo-en-equipo-01-01.png"}],"twitter_card":"summary_large_image","twitter_misc":{"Tiempo de lectura":"15 minutos"},"schema":{"@context":"https:\/\/schema.org","@graph":[{"@type":"WebPage","@id":"https:\/\/coopevilaboa.com\/es\/quen-somos\/","url":"https:\/\/coopevilaboa.com\/es\/quen-somos\/","name":"Quien somos - Cooperativa de Vilaboa","isPartOf":{"@id":"https:\/\/coopevilaboa.com\/es\/#website"},"primaryImageOfPage":{"@id":"https:\/\/coopevilaboa.com\/es\/quen-somos\/#primaryimage"},"image":{"@id":"https:\/\/coopevilaboa.com\/es\/quen-somos\/#primaryimage"},"thumbnailUrl":"https:\/\/coopevilaboa.com\/es\/wp-content\/uploads\/2021\/06\/trabajo-en-equipo-01-01.png","datePublished":"2021-04-26T08:26:04+00:00","dateModified":"2022-02-07T07:51:22+00:00","breadcrumb":{"@id":"https:\/\/coopevilaboa.com\/es\/quen-somos\/#breadcrumb"},"inLanguage":"es","potentialAction":[{"@type":"ReadAction","target":["https:\/\/coopevilaboa.com\/es\/quen-somos\/"]}]},{"@type":"ImageObject","inLanguage":"es","@id":"https:\/\/coopevilaboa.com\/es\/quen-somos\/#primaryimage","url":"https:\/\/coopevilaboa.com\/es\/wp-content\/uploads\/2021\/06\/trabajo-en-equipo-01-01.png","contentUrl":"https:\/\/coopevilaboa.com\/es\/wp-content\/uploads\/2021\/06\/trabajo-en-equipo-01-01.png","width":251,"height":251},{"@type":"BreadcrumbList","@id":"https:\/\/coopevilaboa.com\/es\/quen-somos\/#breadcrumb","itemListElement":[{"@type":"ListItem","position":1,"name":"Portada","item":"https:\/\/coopevilaboa.com\/es\/"},{"@type":"ListItem","position":2,"name":"Quien somos"}]},{"@type":"WebSite","@id":"https:\/\/coopevilaboa.com\/es\/#website","url":"https:\/\/coopevilaboa.com\/es\/","name":"Cooperativa de Vilaboa","description":"","publisher":{"@id":"https:\/\/coopevilaboa.com\/es\/#organization"},"potentialAction":[{"@type":"SearchAction","target":{"@type":"EntryPoint","urlTemplate":"https:\/\/coopevilaboa.com\/es\/?s={search_term_string}"},"query-input":"required name=search_term_string"}],"inLanguage":"es"},{"@type":"Organization","@id":"https:\/\/coopevilaboa.com\/es\/#organization","name":"Cooperativa de Vilaboa","url":"https:\/\/coopevilaboa.com\/es\/","logo":{"@type":"ImageObject","inLanguage":"es","@id":"https:\/\/coopevilaboa.com\/es\/#\/schema\/logo\/image\/","url":"https:\/\/coopevilaboa.com\/es\/wp-content\/uploads\/2021\/07\/COOP.-VILABOA-VECTORIZADO-01.png","contentUrl":"https:\/\/coopevilaboa.com\/es\/wp-content\/uploads\/2021\/07\/COOP.-VILABOA-VECTORIZADO-01.png","width":142,"height":86,"caption":"Cooperativa de Vilaboa"},"image":{"@id":"https:\/\/coopevilaboa.com\/es\/#\/schema\/logo\/image\/"}}]}},"_links":{"self":[{"href":"https:\/\/coopevilaboa.com\/es\/wp-json\/wp\/v2\/pages\/1850","targetHints":{"allow":["GET"]}}],"collection":[{"href":"https:\/\/coopevilaboa.com\/es\/wp-json\/wp\/v2\/pages"}],"about":[{"href":"https:\/\/coopevilaboa.com\/es\/wp-json\/wp\/v2\/types\/page"}],"author":[{"embeddable":true,"href":"https:\/\/coopevilaboa.com\/es\/wp-json\/wp\/v2\/users\/1"}],"replies":[{"embeddable":true,"href":"https:\/\/coopevilaboa.com\/es\/wp-json\/wp\/v2\/comments?post=1850"}],"version-history":[{"count":46,"href":"https:\/\/coopevilaboa.com\/es\/wp-json\/wp\/v2\/pages\/1850\/revisions"}],"predecessor-version":[{"id":2574,"href":"https:\/\/coopevilaboa.com\/es\/wp-json\/wp\/v2\/pages\/1850\/revisions\/2574"}],"wp:attachment":[{"href":"https:\/\/coopevilaboa.com\/es\/wp-json\/wp\/v2\/media?parent=1850"}],"wp:term":[{"taxonomy":"category","embeddable":true,"href":"https:\/\/coopevilaboa.com\/es\/wp-json\/wp\/v2\/categories?post=1850"},{"taxonomy":"post_tag","embeddable":true,"href":"https:\/\/coopevilaboa.com\/es\/wp-json\/wp\/v2\/tags?post=1850"}],"curies":[{"name":"wp","href":"https:\/\/api.w.org\/{rel}","templated":true}]}}